{"id":21504,"date":"2020-11-13T20:28:32","date_gmt":"2020-11-13T19:28:32","guid":{"rendered":"https:\/\/www.spreewaldmarathon.de\/wpswm\/?page_id=21504"},"modified":"2026-04-14T18:25:24","modified_gmt":"2026-04-14T17:25:24","slug":"radstreckenkarten-kml-gpx","status":"publish","type":"page","link":"https:\/\/spreewaldmarathon.de\/wpswm\/radstreckenkarten-kml-gpx\/","title":{"rendered":"Radstreckenkarten | kml und gpx-Daten"},"content":{"rendered":"<div class=\"wpb-content-wrapper\"><p>[vc_row][vc_column width=&#8220;1\/1&#8243;][vc_row_inner][vc_column_inner css=&#8220;.vc_custom_1590692103229{padding: 1px !important;}&#8220;]<a href=\"\" target=\"_blank\" class=\"button custom full \" style=\"background-color: #1e73be; border-color: #1e73be;border-radius: 0px;\">Alle Radtouren<\/a><div class=\"spacer\" style=\"height: 40px;\"><\/div>[vc_column_text]<\/p>\n<h3 style=\"text-align: center;\">Radsportler welche merken, dass Ihnen die Muskelkraft ausgeht, sollten sich nicht scheuen,<br \/>\naus gesundheitlichen Gr\u00fcnden, ihre Roue abzuk\u00fcrzen!<\/h3>\n<h3 style=\"text-align: center;\"><strong><span style=\"color: #ff0000;\">Keine Teilnahme ohne offizielle Startnummer!!\u00a0<\/span><\/strong><br \/>\n<strong><span style=\"color: #ff0000;\">Schwarzfahrer sind unerw\u00fcnscht!<\/span><\/strong><\/h3>\n<p>[\/vc_column_text]<div class=\"single_image wpb_content_element align-center  image_box_border  \" data-animation=\"none\" data-delay=\"0\"><a href=\"https:\/\/spreewaldmarathon.de\/wpswm\/wp-content\/uploads\/SM-Radstreckenkarte-2026-alle-Strecken.jpg\" target=\"_blank\"><img loading=\"lazy\" decoding=\"async\" width=\"1400\" height=\"996\" src=\"https:\/\/spreewaldmarathon.de\/wpswm\/wp-content\/uploads\/SM-Radstreckenkarte-2026-alle-Strecken.jpg\" class=\"attachment-full\" alt=\"\" title=\"SM-Radstreckenkarte-2026-alle-Strecken\" srcset=\"https:\/\/spreewaldmarathon.de\/wpswm\/wp-content\/uploads\/SM-Radstreckenkarte-2026-alle-Strecken.jpg 1400w, https:\/\/spreewaldmarathon.de\/wpswm\/wp-content\/uploads\/SM-Radstreckenkarte-2026-alle-Strecken-300x213.jpg 300w, https:\/\/spreewaldmarathon.de\/wpswm\/wp-content\/uploads\/SM-Radstreckenkarte-2026-alle-Strecken-768x546.jpg 768w\" sizes=\"(max-width: 1400px) 100vw, 1400px\" \/><\/a><\/div><div class=\"minti_list wpb_content_element color-grey circle\" style=\"\">\n<ul>\n<li style=\"text-align: center;\"><a href=\"https:\/\/www.komoot.com\/de-de\/collection\/2679900\/-spreewaldmarathon-2025\" target=\"_blank\" rel=\"noopener\"><span style=\"color: #0000ff;\"><strong>Alle Strecken des Spreewaldmarathons auf komoot<\/strong><\/span><\/a><\/li>\n<\/ul>\n<p style=\"text-align: center;\">Hilfe zum Import der gpx- und kml-Datein gibt es f\u00fcr alle m\u00f6glichen Endger\u00e4te <strong>am Ende dieser Seite<\/strong>.<br \/>\nDer Karten Import und die Vorgehensweise kann sich je nach Anbieter und je nach Ger\u00e4t unterscheiden.<br \/>\nOftmals muss man die Datei erst herunterladen und den Inhalt markieren, dann kopieren und dann importieren oder einf\u00fcgen.<br \/>\nWir haben euch am Ende der Seite ein paar Links mit Tutorials zum Import dieser Daten zusammengetragen.<\/p>\n<\/div><div class=\"spacer\" style=\"height: 40px;\"><\/div>[\/vc_column_inner][\/vc_row_inner][\/vc_column][\/vc_row][vc_row][vc_column width=&#8220;1\/1&#8243;][vc_row_inner][vc_column_inner css=&#8220;.vc_custom_1590692103229{padding: 1px !important;}&#8220;]<a href=\"\" target=\"_self\" class=\"button custom full \" style=\"background-color: #1e73be; border-color: #1e73be;border-radius: 0px;\">200 km Spreewald-Radmarathon | Start in L\u00fcbbenau<\/a><div class=\"spacer\" style=\"height: 40px;\"><\/div>[vc_column_text]<\/p>\n<p style=\"text-align: center;\">1. Start: 06.45 Uhr in L\u00fcbbenau<\/p>\n<p style=\"text-align: center;\">2. Start: 07.00 Uhr in L\u00fcbbenau<\/p>\n<p style=\"text-align: center;\">3. Start: 07.15 Uhr in L\u00fcbbenau<\/p>\n<p style=\"text-align: center;\">4. Start: 07.30 Uhr in L\u00fcbbenau<\/p>\n<p style=\"text-align: center;\">5. Start: 07.45 Uhr in L\u00fcbbenau<\/p>\n<p style=\"text-align: center;\">6. Start: 08.00 Uhr in L\u00fcbbenau<\/p>\n<p style=\"text-align: center;\">7. Start: 08.15 Uhr in L\u00fcbbenau<\/p>\n<p>[\/vc_column_text]<div class=\"minti_list wpb_content_element color-grey circle\" style=\"\">\n<ul>\n<li style=\"text-align: center;\"><a href=\"https:\/\/spreewaldmarathon.de\/radstreckenkarten\/SM_200_km.gpx\" target=\"_blank\" rel=\"noopener\">200 km Radmarathon Spreewaldmarathon.gpx<\/a><\/li>\n<li style=\"text-align: center;\"><a href=\"https:\/\/spreewaldmarathon.de\/radstreckenkarten\/SM_200_km.kml\" target=\"_blank\" rel=\"noopener\">200 km Radmarathon Spreewaldmarathon.kml<\/a><\/li>\n<\/ul>\n<\/div><div class=\"single_image wpb_content_element align-center  image_box_border  \" data-animation=\"none\" data-delay=\"0\"><a href=\"https:\/\/spreewaldmarathon.de\/wpswm\/wp-content\/uploads\/SM-200km-2026.jpg\" target=\"_blank\"><img loading=\"lazy\" decoding=\"async\" width=\"1400\" height=\"996\" src=\"https:\/\/spreewaldmarathon.de\/wpswm\/wp-content\/uploads\/SM-200km-2026.jpg\" class=\"attachment-full\" alt=\"\" title=\"SM-200km-2026\" srcset=\"https:\/\/spreewaldmarathon.de\/wpswm\/wp-content\/uploads\/SM-200km-2026.jpg 1400w, https:\/\/spreewaldmarathon.de\/wpswm\/wp-content\/uploads\/SM-200km-2026-300x213.jpg 300w, https:\/\/spreewaldmarathon.de\/wpswm\/wp-content\/uploads\/SM-200km-2026-768x546.jpg 768w\" sizes=\"(max-width: 1400px) 100vw, 1400px\" \/><\/a><\/div><div class=\"spacer\" style=\"height: 40px;\"><\/div>[\/vc_column_inner][\/vc_row_inner][\/vc_column][\/vc_row][vc_row][vc_column width=&#8220;1\/1&#8243;][vc_row_inner][vc_column_inner css=&#8220;.vc_custom_1590692103229{padding: 1px !important;}&#8220;]<a href=\"\" target=\"_self\" class=\"button custom full \" style=\"background-color: #1e73be; border-color: #1e73be;border-radius: 0px;\">150 km Spreewald-Radtour | Start in Burg<\/a><div class=\"spacer\" style=\"height: 40px;\"><\/div>[vc_column_text]<\/p>\n<p style=\"text-align: center;\">Start: 07.30 Uhr in Burg<\/p>\n<p>[\/vc_column_text]<div class=\"minti_list wpb_content_element color-grey circle\" style=\"\">\n<ul>\n<li style=\"text-align: center;\"><a href=\"https:\/\/spreewaldmarathon.de\/radstreckenkarten\/SM_150_km_2024_Start_in_Burg.gpx\" target=\"_blank\" rel=\"noopener\">150 km Radmarathon Spreewaldmarathon.gpx<\/a><\/li>\n<li style=\"text-align: center;\"><a href=\"https:\/\/spreewaldmarathon.de\/radstreckenkarten\/SM_150_km_2024_Start_in_Burg.kml\" target=\"_blank\" rel=\"noopener\">150 km Radmarathon Spreewaldmarathon.kml<\/a><\/li>\n<\/ul>\n<\/div><div class=\"single_image wpb_content_element align-center  image_box_border  \" data-animation=\"none\" data-delay=\"0\"><a href=\"https:\/\/spreewaldmarathon.de\/wpswm\/wp-content\/uploads\/SM-150km-2026.jpg\" target=\"_blank\"><img loading=\"lazy\" decoding=\"async\" width=\"1400\" height=\"996\" src=\"https:\/\/spreewaldmarathon.de\/wpswm\/wp-content\/uploads\/SM-150km-2026.jpg\" class=\"attachment-full\" alt=\"\" title=\"SM-150km-2026\" srcset=\"https:\/\/spreewaldmarathon.de\/wpswm\/wp-content\/uploads\/SM-150km-2026.jpg 1400w, https:\/\/spreewaldmarathon.de\/wpswm\/wp-content\/uploads\/SM-150km-2026-300x213.jpg 300w, https:\/\/spreewaldmarathon.de\/wpswm\/wp-content\/uploads\/SM-150km-2026-768x546.jpg 768w\" sizes=\"(max-width: 1400px) 100vw, 1400px\" \/><\/a><\/div><div class=\"spacer\" style=\"height: 40px;\"><\/div>[\/vc_column_inner][\/vc_row_inner][\/vc_column][\/vc_row][vc_row][vc_column width=&#8220;1\/1&#8243;][vc_row_inner][vc_column_inner css=&#8220;.vc_custom_1590692103229{padding: 1px !important;}&#8220;]<a href=\"\" target=\"_self\" class=\"button custom full \" style=\"background-color: #1e73be; border-color: #1e73be;border-radius: 0px;\">110 km Spreewald-Radtour | Start in L\u00fcbbenau<\/a><div class=\"spacer\" style=\"height: 40px;\"><\/div>[vc_column_text]<\/p>\n<p style=\"text-align: center;\">1. Start: 08.30 Uhr in L\u00fcbbenau<\/p>\n<p style=\"text-align: center;\">2. Start: 08.45 Uhr in L\u00fcbbenau<\/p>\n<p style=\"text-align: center;\">3. Start: 09.00 Uhr in L\u00fcbbenau<\/p>\n<p style=\"text-align: center;\">4. Start: 09.15 Uhr in L\u00fcbbenau<\/p>\n<p style=\"text-align: center;\">5. Start: 09.30 Uhr in L\u00fcbbenau<\/p>\n<p>[\/vc_column_text]<div class=\"minti_list wpb_content_element color-grey circle\" style=\"\">\n<ul>\n<li style=\"text-align: center;\"><a href=\"https:\/\/spreewaldmarathon.de\/radstreckenkarten\/SM_110_km_2024_ab_Luebbenau.gpx\" target=\"_blank\" rel=\"noopener\">110 km Radmarathon Spreewaldmarathon.gpx<\/a><\/li>\n<li style=\"text-align: center;\"><a href=\"https:\/\/spreewaldmarathon.de\/radstreckenkarten\/SM_110_km_2024_ab_Luebbenau.kml\" target=\"_blank\" rel=\"noopener\">110 km Radmarathon Spreewaldmarathon.kml<\/a><\/li>\n<\/ul>\n<\/div><div class=\"single_image wpb_content_element align-center  image_box_border  \" data-animation=\"none\" data-delay=\"0\"><a href=\"https:\/\/spreewaldmarathon.de\/wpswm\/wp-content\/uploads\/SM-110km-2026.jpg\" target=\"_blank\"><img loading=\"lazy\" decoding=\"async\" width=\"1161\" height=\"826\" src=\"https:\/\/spreewaldmarathon.de\/wpswm\/wp-content\/uploads\/SM-110km-2026.jpg\" class=\"attachment-large\" alt=\"\" title=\"SM-110km-2026\" srcset=\"https:\/\/spreewaldmarathon.de\/wpswm\/wp-content\/uploads\/SM-110km-2026.jpg 1400w, https:\/\/spreewaldmarathon.de\/wpswm\/wp-content\/uploads\/SM-110km-2026-300x213.jpg 300w, https:\/\/spreewaldmarathon.de\/wpswm\/wp-content\/uploads\/SM-110km-2026-768x546.jpg 768w\" sizes=\"(max-width: 1161px) 100vw, 1161px\" \/><\/a><\/div><div class=\"spacer\" style=\"height: 40px;\"><\/div>[\/vc_column_inner][\/vc_row_inner][\/vc_column][\/vc_row][vc_row][vc_column width=&#8220;1\/1&#8243;][vc_row_inner][vc_column_inner css=&#8220;.vc_custom_1590692103229{padding: 1px !important;}&#8220;]<a href=\"\" target=\"_self\" class=\"button custom full \" style=\"background-color: #2b8c36; border-color: #2b8c36;border-radius: 0px;\">70 km Spreewald-Radtour | Start in L\u00fcbbenau | Die sch\u00f6nste Route!<\/a><div class=\"spacer\" style=\"height: 40px;\"><\/div>[vc_column_text]<\/p>\n<p style=\"text-align: center;\">1. Start: 09.45 Uhr in L\u00fcbbenau<\/p>\n<p style=\"text-align: center;\">2. Start: 10.00 Uhr in L\u00fcbbenau<\/p>\n<p>[\/vc_column_text]<div class=\"minti_list wpb_content_element color-grey circle\" style=\"\">\n<ul>\n<li style=\"text-align: center;\"><a href=\"https:\/\/spreewaldmarathon.de\/radstreckenkarten\/SM_70_km_2024_Luebbenau.gpx\" target=\"_blank\" rel=\"noopener\">70 km Radtour Spreewaldmarathon ab L\u00fcbbenau.gpx<\/a><\/li>\n<li style=\"text-align: center;\"><a href=\"https:\/\/spreewaldmarathon.de\/radstreckenkarten\/SM_70_km_2024_Luebbenau.kml\" target=\"_blank\" rel=\"noopener\">70 km Radtour Spreewaldmarathon ab L\u00fcbbenau.kml<\/a><\/li>\n<\/ul>\n<\/div><div class=\"single_image wpb_content_element align-center  image_box_border  \" data-animation=\"none\" data-delay=\"0\"><a href=\"https:\/\/spreewaldmarathon.de\/wpswm\/wp-content\/uploads\/SM-70km-2026-Start-Luebbenau.jpg\" target=\"_blank\"><img loading=\"lazy\" decoding=\"async\" width=\"1161\" height=\"826\" src=\"https:\/\/spreewaldmarathon.de\/wpswm\/wp-content\/uploads\/SM-70km-2026-Start-Luebbenau.jpg\" class=\"attachment-large\" alt=\"\" title=\"SM-70km-2026-Start-Luebbenau\" srcset=\"https:\/\/spreewaldmarathon.de\/wpswm\/wp-content\/uploads\/SM-70km-2026-Start-Luebbenau.jpg 1400w, https:\/\/spreewaldmarathon.de\/wpswm\/wp-content\/uploads\/SM-70km-2026-Start-Luebbenau-300x213.jpg 300w, https:\/\/spreewaldmarathon.de\/wpswm\/wp-content\/uploads\/SM-70km-2026-Start-Luebbenau-768x546.jpg 768w\" sizes=\"(max-width: 1161px) 100vw, 1161px\" \/><\/a><\/div><div class=\"minti_list wpb_content_element color-grey circle\" style=\"\">\n<p style=\"text-align: center;\">Den Spreeradweg zwischen Ragow und L\u00fcbben k\u00f6nnen wir mit PKW nicht ausschildern.<br \/>\nAuch ist ein Radpannenservice auf diesem ca. 5 km langen Abschnitt nicht m\u00f6glich.<\/p>\n<\/div><div class=\"spacer\" style=\"height: 40px;\"><\/div>[\/vc_column_inner][\/vc_row_inner][\/vc_column][\/vc_row][vc_row][vc_column width=&#8220;1\/1&#8243;][vc_row_inner][vc_column_inner css=&#8220;.vc_custom_1590692103229{padding: 1px !important;}&#8220;]<a href=\"\" target=\"_self\" class=\"button custom full \" style=\"background-color: #00cef7; border-color: #00cef7;border-radius: 0px;\">70 km Spreewald-Radtour | Start in Burg<\/a><div class=\"spacer\" style=\"height: 40px;\"><\/div>[vc_column_text]<\/p>\n<p style=\"text-align: center;\">1. Start: 09.00 Uhr in Burg<\/p>\n<p>[\/vc_column_text]<div class=\"minti_list wpb_content_element color-grey circle\" style=\"\">\n<ul>\n<li style=\"text-align: center;\"><a href=\"https:\/\/spreewaldmarathon.de\/radstreckenkarten\/ SM_70_km_ab_Burg_ohne_L\u00fcbbenau_\u00fcber_Alt_Zauche___Straupitz.gpx\" target=\"_blank\" rel=\"noopener\">70 km Radtour Spreewaldmarathon ab Burg.gpx<\/a><\/li>\n<li style=\"text-align: center;\"><a href=\"https:\/\/spreewaldmarathon.de\/radstreckenkarten\/SM_70_km_ab_Burg_ohne_L\u00fcbbenau_\u00fcber_Alt_Zauche___Straupitz.kml\" target=\"_blank\" rel=\"noopener\">70 km Radtour Spreewaldmarathon ab Burg.kml<\/a><\/li>\n<\/ul>\n<\/div><div class=\"single_image wpb_content_element align-center  image_box_border  \" data-animation=\"none\" data-delay=\"0\"><a href=\"https:\/\/spreewaldmarathon.de\/wpswm\/wp-content\/uploads\/SM-70km-2026-Start-Burg-1-scaled.jpg\" target=\"_blank\"><img loading=\"lazy\" decoding=\"async\" width=\"996\" height=\"1400\" src=\"https:\/\/spreewaldmarathon.de\/wpswm\/wp-content\/uploads\/SM-70km-2026-Start-Burg-1-996x1400.jpg\" class=\"attachment-large\" alt=\"\" title=\"SM-70km-2026-Start-Burg\" srcset=\"https:\/\/spreewaldmarathon.de\/wpswm\/wp-content\/uploads\/SM-70km-2026-Start-Burg-1-996x1400.jpg 996w, https:\/\/spreewaldmarathon.de\/wpswm\/wp-content\/uploads\/SM-70km-2026-Start-Burg-1-213x300.jpg 213w, https:\/\/spreewaldmarathon.de\/wpswm\/wp-content\/uploads\/SM-70km-2026-Start-Burg-1-768x1080.jpg 768w, https:\/\/spreewaldmarathon.de\/wpswm\/wp-content\/uploads\/SM-70km-2026-Start-Burg-1-1092x1536.jpg 1092w, https:\/\/spreewaldmarathon.de\/wpswm\/wp-content\/uploads\/SM-70km-2026-Start-Burg-1-1456x2048.jpg 1456w, https:\/\/spreewaldmarathon.de\/wpswm\/wp-content\/uploads\/SM-70km-2026-Start-Burg-1-scaled.jpg 1820w\" sizes=\"(max-width: 996px) 100vw, 996px\" \/><\/a><\/div><div class=\"spacer\" style=\"height: 40px;\"><\/div>[\/vc_column_inner][\/vc_row_inner][\/vc_column][\/vc_row][vc_row][vc_column width=&#8220;1\/1&#8243;][vc_row_inner][vc_column_inner css=&#8220;.vc_custom_1590692103229{padding: 1px !important;}&#8220;]<a href=\"\" target=\"_self\" class=\"button custom full \" style=\"background-color: #1e73be; border-color: #1e73be;border-radius: 0px;\">50 km Spreewald-Radtour | Start in Burg<\/a><div class=\"spacer\" style=\"height: 40px;\"><\/div>[vc_column_text]<\/p>\n<p style=\"text-align: center;\">Start: 10.30 Uhr in Burg<\/p>\n<p>[\/vc_column_text]<div class=\"minti_list wpb_content_element color-grey circle\" style=\"\">\n<ul>\n<li style=\"text-align: center;\"><a href=\"https:\/\/spreewaldmarathon.de\/radstreckenkarten\/SM_50_km.gpx\" target=\"_blank\" rel=\"noopener\">50 km Radmarathon Spreewaldmarathon.gpx<\/a><\/li>\n<li style=\"text-align: center;\"><a href=\"https:\/\/spreewaldmarathon.de\/radstreckenkarten\/SM_50_km.kml\" target=\"_blank\" rel=\"noopener\">50 km Radmarathon Spreewaldmarathon.kml<\/a><\/li>\n<\/ul>\n<\/div><div class=\"single_image wpb_content_element align-center  image_box_border  \" data-animation=\"none\" data-delay=\"0\"><a href=\"https:\/\/spreewaldmarathon.de\/wpswm\/wp-content\/uploads\/SM-50km-2024-scaled.jpg\" target=\"_blank\"><img loading=\"lazy\" decoding=\"async\" width=\"996\" height=\"1400\" src=\"https:\/\/spreewaldmarathon.de\/wpswm\/wp-content\/uploads\/SM-50km-2026.jpg\" class=\"attachment-large\" alt=\"\" title=\"SM-50km-2026\" srcset=\"https:\/\/spreewaldmarathon.de\/wpswm\/wp-content\/uploads\/SM-50km-2026.jpg 996w, https:\/\/spreewaldmarathon.de\/wpswm\/wp-content\/uploads\/SM-50km-2026-213x300.jpg 213w, https:\/\/spreewaldmarathon.de\/wpswm\/wp-content\/uploads\/SM-50km-2026-768x1080.jpg 768w\" sizes=\"(max-width: 996px) 100vw, 996px\" \/><\/a><\/div><div class=\"spacer\" style=\"height: 40px;\"><\/div>[\/vc_column_inner][\/vc_row_inner][\/vc_column][\/vc_row][vc_row][vc_column width=&#8220;1\/1&#8243;][vc_row_inner][vc_column_inner css=&#8220;.vc_custom_1590692103229{padding: 1px !important;}&#8220;]<a href=\"\" target=\"_self\" class=\"button custom full \" style=\"background-color: #1e73be; border-color: #1e73be;border-radius: 0px;\">30 km Spreewald-Familieradtour | Start in Burg<\/a><div class=\"spacer\" style=\"height: 40px;\"><\/div>[vc_column_text]<\/p>\n<p style=\"text-align: center;\">Start: 10.00 Uhr in Burg<\/p>\n<p>[\/vc_column_text]<div class=\"minti_list wpb_content_element color-grey circle\" style=\"\">\n<ul>\n<li style=\"text-align: center;\"><a href=\"https:\/\/spreewaldmarathon.de\/radstreckenkarten\/SM_30_km.gpx\" target=\"_blank\" rel=\"noopener\">30 km Radmarathon Spreewaldmarathon.gpx<\/a><\/li>\n<li style=\"text-align: center;\"><a href=\"https:\/\/spreewaldmarathon.de\/radstreckenkarten\/SM_30_km.kml\" target=\"_blank\" rel=\"noopener\">30 km Radmarathon Spreewaldmarathon.kml<\/a><\/li>\n<\/ul>\n<\/div><div class=\"single_image wpb_content_element align-center  image_box_border  \" data-animation=\"none\" data-delay=\"0\"><a href=\"https:\/\/spreewaldmarathon.de\/wpswm\/wp-content\/uploads\/SM-30km-2026.jpg\" target=\"_blank\"><img loading=\"lazy\" decoding=\"async\" width=\"996\" height=\"1400\" src=\"https:\/\/spreewaldmarathon.de\/wpswm\/wp-content\/uploads\/SM-30km-2026.jpg\" class=\"attachment-large\" alt=\"\" title=\"SM-30km-2026\" srcset=\"https:\/\/spreewaldmarathon.de\/wpswm\/wp-content\/uploads\/SM-30km-2026.jpg 996w, https:\/\/spreewaldmarathon.de\/wpswm\/wp-content\/uploads\/SM-30km-2026-213x300.jpg 213w, https:\/\/spreewaldmarathon.de\/wpswm\/wp-content\/uploads\/SM-30km-2026-768x1080.jpg 768w\" sizes=\"(max-width: 996px) 100vw, 996px\" \/><\/a><\/div><div class=\"spacer\" style=\"height: 40px;\"><\/div>[\/vc_column_inner][\/vc_row_inner][\/vc_column][\/vc_row][vc_row][vc_column width=&#8220;1\/1&#8243;][vc_row_inner][vc_column_inner css=&#8220;.vc_custom_1590692103229{padding: 1px !important;}&#8220;]<a href=\"\" target=\"_self\" class=\"button custom full \" style=\"background-color: #1e73be; border-color: #1e73be;border-radius: 0px;\">1 km Kinderradeln | Start in L\u00fcbbenau<\/a><div class=\"spacer\" style=\"height: 40px;\"><\/div>[vc_column_text]<\/p>\n<p style=\"text-align: center;\">Start: 11.00 Uhr in L\u00fcbbenau<\/p>\n<p style=\"text-align: center;\">am Spreeweltenbad<\/p>\n<p>[\/vc_column_text]<div class=\"single_image wpb_content_element align-center  image_box_border  \" data-animation=\"none\" data-delay=\"0\"><a href=\"https:\/\/spreewaldmarathon.de\/wpswm\/wp-content\/uploads\/1km-Kinderradeln.jpg\" target=\"_self\"><img loading=\"lazy\" decoding=\"async\" width=\"595\" height=\"842\" src=\"https:\/\/spreewaldmarathon.de\/wpswm\/wp-content\/uploads\/1km-Kinderradeln.jpg\" class=\"attachment-large\" alt=\"\" title=\"1km-Kinderradeln\" srcset=\"https:\/\/spreewaldmarathon.de\/wpswm\/wp-content\/uploads\/1km-Kinderradeln.jpg 595w, https:\/\/spreewaldmarathon.de\/wpswm\/wp-content\/uploads\/1km-Kinderradeln-212x300.jpg 212w\" sizes=\"(max-width: 595px) 100vw, 595px\" \/><\/a><\/div><div class=\"spacer\" style=\"height: 40px;\"><\/div>[\/vc_column_inner][\/vc_row_inner][\/vc_column][\/vc_row][vc_row][vc_column width=&#8220;1\/1&#8243;]<div class=\"minti_list wpb_content_element color-grey circle\" style=\"\">\n<ul>\n<li style=\"text-align: center;\"><strong><span style=\"color: #0000ff;\"><a style=\"color: #0000ff;\" href=\"https:\/\/www.komoot.com\/de-de\/collection\/2679900\/-spreewaldmarathon-2025\" target=\"_blank\" rel=\"noopener\">Alle Strecken des Spreewaldmarathons auf komoot<\/a><\/span><\/strong><\/li>\n<\/ul>\n<\/div>[vc_column_text]<\/p>\n<hr \/>\n<h2>Hinweis Datenformate<\/h2>\n<ul>\n<li><strong>.gpx:<\/strong> Geeignet f\u00fcr alle erh\u00e4ltlichen Garmin Navigationsger\u00e4te. Die daf\u00fcr notwendige kartographische Software erhalten Sie bei Garmin Deutschland.<\/li>\n<li><strong>.kml:<\/strong> Das Datenformat ist g\u00fcltig f\u00fcr Google Earth bzw. Google maps.<\/li>\n<\/ul>\n<p>Der Karten Import und die Vorgehensweise kann sich je nach Anbieter und je nach Ger\u00e4t unterscheiden. Oftmals muss man die Datei erst herunterladen und den Inhalt markieren, dann kopieren und dann importieren oder einf\u00fcgen. Wir haben euch hier mal ein paar Links mit Tutorials zum Import dieser Daten zusammengetragen.<\/p>\n<p>Garmin:\u00a0<a href=\"https:\/\/support.garmin.com\/de-DE\/?faq=kKz7Qy7FYt9LAhusE7WED8\" target=\"_blank\" rel=\"noopener\">Importieren von Wegpunkten, Routen, Tracks und Garmin Connect Strecken in die Explore Website<\/a><\/p>\n<p>Google:\u00a0<a href=\"https:\/\/support.google.com\/mymaps\/answer\/3024836?co=GENIE.Platform%3DDesktop&amp;hl=de\" target=\"_blank\" rel=\"noopener\">Kartenelemente aus einer Datei importieren<\/a><\/p>\n<p>Bikemap:\u00a0<a href=\"https:\/\/help.bikemap.net\/hc\/de\/articles\/360017465679-Routen-importieren\" target=\"_blank\" rel=\"noopener\">Routen importieren<\/a><\/p>\n<p>Sigma Rox:\u00a0<a href=\"https:\/\/sigma-inmotion.com\/de\/track-auf-rox-12\/\" target=\"_blank\" rel=\"noopener\">Wie kommt der Track auf meinen ROX 12.0?<\/a><\/p>\n<p>BikePilot:\u00a0<a href=\"https:\/\/blaupunkt.com\/wp-content\/uploads\/2021\/08\/BlauPunkt-BikePilot-User-Manual-2.1.2-for-DE_f.pdf\" target=\"_blank\" rel=\"noopener\">BlauPunkt BikePilot &#8211; User Manual<\/a><\/p>\n<p><span style=\"color: #ff6600;\"><strong>Achtung:\u00a0<\/strong>Kein Teil dieser Daten darf in irgendeiner Form ohne schriftliche Genehmigung des Spreewald-Marathon e.V. reproduziert, vervielf\u00e4ltigt oder gegen Geb\u00fchr verbreitet werden. Die Strecke wurde sorgf\u00e4ltig erhoben &#8211; \u00c4nderungen und Irrtum vorbehalten. Die Benutzung der Radwege erfolgt auf eigene Gefahr.<\/span>[\/vc_column_text][\/vc_column][\/vc_row]<\/p>\n<\/div>","protected":false},"excerpt":{"rendered":"<p>[vc_row][vc_column width=&#8220;1\/1&#8243;][vc_row_inner][vc_column_inner css=&#8220;.vc_custom_1590692103229{padding: 1px !important;}&#8220;][vc_column_text] Radsportler welche merken, dass Ihnen die Muskelkraft ausgeht, sollten sich nicht scheuen, aus gesundheitlichen Gr\u00fcnden, ihre Roue abzuk\u00fcrzen! Keine Teilnahme ohne offizielle Startnummer!!\u00a0 Schwarzfahrer sind unerw\u00fcnscht! [\/vc_column_text][\/vc_column_inner][\/vc_row_inner][\/vc_column][\/vc_row][vc_row][vc_column width=&#8220;1\/1&#8243;][vc_row_inner][vc_column_inner css=&#8220;.vc_custom_1590692103229{padding: 1px !important;}&#8220;][vc_column_text] 1. Start: 06.45 Uhr in L\u00fcbbenau 2. Start: 07.00 Uhr in L\u00fcbbenau 3. Start: 07.15 Uhr in L\u00fcbbenau 4. Start: 07.30 Uhr in L\u00fcbbenau 5. Start: 07.45 Uhr in L\u00fcbbenau 6. Start: 08.00 Uhr in L\u00fcbbenau 7. Start: 08.15 Uhr in L\u00fcbbenau [\/vc_column_text][\/vc_column_inner][\/vc_row_inner][\/vc_column][\/vc_row][vc_row][vc_column width=&#8220;1\/1&#8243;][vc_row_inner][vc_column_inner css=&#8220;.vc_custom_1590692103229{padding: 1px !important;}&#8220;][vc_column_text] Start: 07.30 Uhr in Burg [\/vc_column_text][\/vc_column_inner][\/vc_row_inner][\/vc_column][\/vc_row][vc_row][vc_column width=&#8220;1\/1&#8243;][vc_row_inner][vc_column_inner css=&#8220;.vc_custom_1590692103229{padding: 1px !important;}&#8220;][vc_column_text] 1. Start: 08.30 Uhr in L\u00fcbbenau 2. Start: 08.45 Uhr in L\u00fcbbenau 3. Start: 09.00 Uhr in L\u00fcbbenau 4. Start: 09.15 Uhr in L\u00fcbbenau 5. Start: 09.30 Uhr in L\u00fcbbenau [\/vc_column_text][\/vc_column_inner][\/vc_row_inner][\/vc_column][\/vc_row][vc_row][vc_column width=&#8220;1\/1&#8243;][vc_row_inner][vc_column_inner css=&#8220;.vc_custom_1590692103229{padding: 1px !important;}&#8220;][vc_column_text] 1. Start: 09.45 Uhr in L\u00fcbbenau 2. Start: 10.00 Uhr in L\u00fcbbenau [\/vc_column_text][\/vc_column_inner][\/vc_row_inner][\/vc_column][\/vc_row][vc_row][vc_column width=&#8220;1\/1&#8243;][vc_row_inner][vc_column_inner css=&#8220;.vc_custom_1590692103229{padding: 1px !important;}&#8220;][vc_column_text] 1. Start: 09.00 Uhr in Burg [\/vc_column_text][\/vc_column_inner][\/vc_row_inner][\/vc_column][\/vc_row][vc_row][vc_column width=&#8220;1\/1&#8243;][vc_row_inner][vc_column_inner css=&#8220;.vc_custom_1590692103229{padding: 1px !important;}&#8220;][vc_column_text] Start: 10.30 Uhr in Burg [\/vc_column_text][\/vc_column_inner][\/vc_row_inner][\/vc_column][\/vc_row][vc_row][vc_column width=&#8220;1\/1&#8243;][vc_row_inner][vc_column_inner css=&#8220;.vc_custom_1590692103229{padding: 1px !important;}&#8220;][vc_column_text] Start: 10.00 Uhr in Burg [\/vc_column_text][\/vc_column_inner][\/vc_row_inner][\/vc_column][\/vc_row][vc_row][vc_column width=&#8220;1\/1&#8243;][vc_row_inner][vc_column_inner css=&#8220;.vc_custom_1590692103229{padding: 1px !important;}&#8220;][vc_column_text] Start: 11.00 Uhr in L\u00fcbbenau am Spreeweltenbad [\/vc_column_text][\/vc_column_inner][\/vc_row_inner][\/vc_column][\/vc_row][vc_row][vc_column width=&#8220;1\/1&#8243;][vc_column_text] Hinweis Datenformate .gpx: Geeignet f\u00fcr alle erh\u00e4ltlichen Garmin Navigationsger\u00e4te. Die daf\u00fcr notwendige kartographische Software erhalten [&hellip;]<\/p>\n","protected":false},"author":1,"featured_media":0,"parent":0,"menu_order":0,"comment_status":"closed","ping_status":"closed","template":"","meta":{"footnotes":""},"class_list":["post-21504","page","type-page","status-publish","hentry"],"yoast_head":"<!-- This site is optimized with the Yoast SEO plugin v25.6 - https:\/\/yoast.com\/wordpress\/plugins\/seo\/ -->\n<title>Radstreckenkarten | kml und gpx-Daten - SPREEWALDMARATHON<\/title>\n<meta name=\"robots\" content=\"index, follow, max-snippet:-1, max-image-preview:large, max-video-preview:-1\" \/>\n<link rel=\"canonical\" href=\"https:\/\/spreewaldmarathon.de\/wpswm\/radstreckenkarten-kml-gpx\/\" \/>\n<meta property=\"og:locale\" content=\"de_DE\" \/>\n<meta property=\"og:type\" content=\"article\" \/>\n<meta property=\"og:title\" content=\"Radstreckenkarten | kml und gpx-Daten - SPREEWALDMARATHON\" \/>\n<meta property=\"og:description\" content=\"[vc_row][vc_column width=&#8220;1\/1&#8243;][vc_row_inner][vc_column_inner css=&#8220;.vc_custom_1590692103229{padding: 1px !important;}&#8220;][vc_column_text] Radsportler welche merken, dass Ihnen die Muskelkraft ausgeht, sollten sich nicht scheuen, aus gesundheitlichen Gr\u00fcnden, ihre Roue abzuk\u00fcrzen! Keine Teilnahme ohne offizielle Startnummer!!\u00a0 Schwarzfahrer sind unerw\u00fcnscht! [\/vc_column_text][\/vc_column_inner][\/vc_row_inner][\/vc_column][\/vc_row][vc_row][vc_column width=&#8220;1\/1&#8243;][vc_row_inner][vc_column_inner css=&#8220;.vc_custom_1590692103229{padding: 1px !important;}&#8220;][vc_column_text] 1. Start: 06.45 Uhr in L\u00fcbbenau 2. Start: 07.00 Uhr in L\u00fcbbenau 3. Start: 07.15 Uhr in L\u00fcbbenau 4. Start: 07.30 Uhr in L\u00fcbbenau 5. Start: 07.45 Uhr in L\u00fcbbenau 6. Start: 08.00 Uhr in L\u00fcbbenau 7. Start: 08.15 Uhr in L\u00fcbbenau [\/vc_column_text][\/vc_column_inner][\/vc_row_inner][\/vc_column][\/vc_row][vc_row][vc_column width=&#8220;1\/1&#8243;][vc_row_inner][vc_column_inner css=&#8220;.vc_custom_1590692103229{padding: 1px !important;}&#8220;][vc_column_text] Start: 07.30 Uhr in Burg [\/vc_column_text][\/vc_column_inner][\/vc_row_inner][\/vc_column][\/vc_row][vc_row][vc_column width=&#8220;1\/1&#8243;][vc_row_inner][vc_column_inner css=&#8220;.vc_custom_1590692103229{padding: 1px !important;}&#8220;][vc_column_text] 1. Start: 08.30 Uhr in L\u00fcbbenau 2. Start: 08.45 Uhr in L\u00fcbbenau 3. Start: 09.00 Uhr in L\u00fcbbenau 4. Start: 09.15 Uhr in L\u00fcbbenau 5. Start: 09.30 Uhr in L\u00fcbbenau [\/vc_column_text][\/vc_column_inner][\/vc_row_inner][\/vc_column][\/vc_row][vc_row][vc_column width=&#8220;1\/1&#8243;][vc_row_inner][vc_column_inner css=&#8220;.vc_custom_1590692103229{padding: 1px !important;}&#8220;][vc_column_text] 1. Start: 09.45 Uhr in L\u00fcbbenau 2. Start: 10.00 Uhr in L\u00fcbbenau [\/vc_column_text][\/vc_column_inner][\/vc_row_inner][\/vc_column][\/vc_row][vc_row][vc_column width=&#8220;1\/1&#8243;][vc_row_inner][vc_column_inner css=&#8220;.vc_custom_1590692103229{padding: 1px !important;}&#8220;][vc_column_text] 1. Start: 09.00 Uhr in Burg [\/vc_column_text][\/vc_column_inner][\/vc_row_inner][\/vc_column][\/vc_row][vc_row][vc_column width=&#8220;1\/1&#8243;][vc_row_inner][vc_column_inner css=&#8220;.vc_custom_1590692103229{padding: 1px !important;}&#8220;][vc_column_text] Start: 10.30 Uhr in Burg [\/vc_column_text][\/vc_column_inner][\/vc_row_inner][\/vc_column][\/vc_row][vc_row][vc_column width=&#8220;1\/1&#8243;][vc_row_inner][vc_column_inner css=&#8220;.vc_custom_1590692103229{padding: 1px !important;}&#8220;][vc_column_text] Start: 10.00 Uhr in Burg [\/vc_column_text][\/vc_column_inner][\/vc_row_inner][\/vc_column][\/vc_row][vc_row][vc_column width=&#8220;1\/1&#8243;][vc_row_inner][vc_column_inner css=&#8220;.vc_custom_1590692103229{padding: 1px !important;}&#8220;][vc_column_text] Start: 11.00 Uhr in L\u00fcbbenau am Spreeweltenbad [\/vc_column_text][\/vc_column_inner][\/vc_row_inner][\/vc_column][\/vc_row][vc_row][vc_column width=&#8220;1\/1&#8243;][vc_column_text] Hinweis Datenformate .gpx: Geeignet f\u00fcr alle erh\u00e4ltlichen Garmin Navigationsger\u00e4te. Die daf\u00fcr notwendige kartographische Software erhalten [&hellip;]\" \/>\n<meta property=\"og:url\" content=\"https:\/\/spreewaldmarathon.de\/wpswm\/radstreckenkarten-kml-gpx\/\" \/>\n<meta property=\"og:site_name\" content=\"SPREEWALDMARATHON\" \/>\n<meta property=\"article:publisher\" content=\"https:\/\/www.facebook.com\/SpreewaldMarathon\" \/>\n<meta property=\"article:modified_time\" content=\"2026-04-14T17:25:24+00:00\" \/>\n<meta name=\"twitter:card\" content=\"summary_large_image\" \/>\n<meta name=\"twitter:site\" content=\"@spreewaldmarath\" \/>\n<meta name=\"twitter:label1\" content=\"Gesch\u00e4tzte Lesezeit\" \/>\n\t<meta name=\"twitter:data1\" content=\"6\u00a0Minuten\" \/>\n<script type=\"application\/ld+json\" class=\"yoast-schema-graph\">{\"@context\":\"https:\/\/schema.org\",\"@graph\":[{\"@type\":\"WebPage\",\"@id\":\"https:\/\/spreewaldmarathon.de\/wpswm\/radstreckenkarten-kml-gpx\/\",\"url\":\"https:\/\/spreewaldmarathon.de\/wpswm\/radstreckenkarten-kml-gpx\/\",\"name\":\"Radstreckenkarten | kml und gpx-Daten - SPREEWALDMARATHON\",\"isPartOf\":{\"@id\":\"https:\/\/spreewaldmarathon.de\/wpswm\/#website\"},\"datePublished\":\"2020-11-13T19:28:32+00:00\",\"dateModified\":\"2026-04-14T17:25:24+00:00\",\"breadcrumb\":{\"@id\":\"https:\/\/spreewaldmarathon.de\/wpswm\/radstreckenkarten-kml-gpx\/#breadcrumb\"},\"inLanguage\":\"de\",\"potentialAction\":[{\"@type\":\"ReadAction\",\"target\":[\"https:\/\/spreewaldmarathon.de\/wpswm\/radstreckenkarten-kml-gpx\/\"]}]},{\"@type\":\"BreadcrumbList\",\"@id\":\"https:\/\/spreewaldmarathon.de\/wpswm\/radstreckenkarten-kml-gpx\/#breadcrumb\",\"itemListElement\":[{\"@type\":\"ListItem\",\"position\":1,\"name\":\"Home\",\"item\":\"https:\/\/spreewaldmarathon.de\/wpswm\/\"},{\"@type\":\"ListItem\",\"position\":2,\"name\":\"Radstreckenkarten | kml und gpx-Daten\"}]},{\"@type\":\"WebSite\",\"@id\":\"https:\/\/spreewaldmarathon.de\/wpswm\/#website\",\"url\":\"https:\/\/spreewaldmarathon.de\/wpswm\/\",\"name\":\"SPREEWALDMARATHON\",\"description\":\"Alles rund um den Spreewaldmarathon\",\"publisher\":{\"@id\":\"https:\/\/spreewaldmarathon.de\/wpswm\/#organization\"},\"potentialAction\":[{\"@type\":\"SearchAction\",\"target\":{\"@type\":\"EntryPoint\",\"urlTemplate\":\"https:\/\/spreewaldmarathon.de\/wpswm\/?s={search_term_string}\"},\"query-input\":{\"@type\":\"PropertyValueSpecification\",\"valueRequired\":true,\"valueName\":\"search_term_string\"}}],\"inLanguage\":\"de\"},{\"@type\":\"Organization\",\"@id\":\"https:\/\/spreewaldmarathon.de\/wpswm\/#organization\",\"name\":\"Lausitzer Sportevents e.V.\",\"url\":\"https:\/\/spreewaldmarathon.de\/wpswm\/\",\"logo\":{\"@type\":\"ImageObject\",\"inLanguage\":\"de\",\"@id\":\"https:\/\/spreewaldmarathon.de\/wpswm\/#\/schema\/logo\/image\/\",\"url\":\"https:\/\/spreewaldmarathon.de\/wpswm\/wp-content\/uploads\/2020\/06\/Banner_LSE-1.jpg\",\"contentUrl\":\"https:\/\/spreewaldmarathon.de\/wpswm\/wp-content\/uploads\/2020\/06\/Banner_LSE-1.jpg\",\"width\":2211,\"height\":624,\"caption\":\"Lausitzer Sportevents e.V.\"},\"image\":{\"@id\":\"https:\/\/spreewaldmarathon.de\/wpswm\/#\/schema\/logo\/image\/\"},\"sameAs\":[\"https:\/\/www.facebook.com\/SpreewaldMarathon\",\"https:\/\/x.com\/spreewaldmarath\",\"https:\/\/www.instagram.com\/spreewaldmarathon\",\"https:\/\/www.youtube.com\/results?search_query=spreewaldmarathon\",\"https:\/\/de.wikipedia.org\/wiki\/Spreewald-Marathon\"]}]}<\/script>\n<!-- \/ Yoast SEO plugin. -->","yoast_head_json":{"title":"Radstreckenkarten | kml und gpx-Daten - SPREEWALDMARATHON","robots":{"index":"index","follow":"follow","max-snippet":"max-snippet:-1","max-image-preview":"max-image-preview:large","max-video-preview":"max-video-preview:-1"},"canonical":"https:\/\/spreewaldmarathon.de\/wpswm\/radstreckenkarten-kml-gpx\/","og_locale":"de_DE","og_type":"article","og_title":"Radstreckenkarten | kml und gpx-Daten - SPREEWALDMARATHON","og_description":"[vc_row][vc_column width=&#8220;1\/1&#8243;][vc_row_inner][vc_column_inner css=&#8220;.vc_custom_1590692103229{padding: 1px !important;}&#8220;][vc_column_text] Radsportler welche merken, dass Ihnen die Muskelkraft ausgeht, sollten sich nicht scheuen, aus gesundheitlichen Gr\u00fcnden, ihre Roue abzuk\u00fcrzen! Keine Teilnahme ohne offizielle Startnummer!!\u00a0 Schwarzfahrer sind unerw\u00fcnscht! [\/vc_column_text][\/vc_column_inner][\/vc_row_inner][\/vc_column][\/vc_row][vc_row][vc_column width=&#8220;1\/1&#8243;][vc_row_inner][vc_column_inner css=&#8220;.vc_custom_1590692103229{padding: 1px !important;}&#8220;][vc_column_text] 1. Start: 06.45 Uhr in L\u00fcbbenau 2. Start: 07.00 Uhr in L\u00fcbbenau 3. Start: 07.15 Uhr in L\u00fcbbenau 4. Start: 07.30 Uhr in L\u00fcbbenau 5. Start: 07.45 Uhr in L\u00fcbbenau 6. Start: 08.00 Uhr in L\u00fcbbenau 7. Start: 08.15 Uhr in L\u00fcbbenau [\/vc_column_text][\/vc_column_inner][\/vc_row_inner][\/vc_column][\/vc_row][vc_row][vc_column width=&#8220;1\/1&#8243;][vc_row_inner][vc_column_inner css=&#8220;.vc_custom_1590692103229{padding: 1px !important;}&#8220;][vc_column_text] Start: 07.30 Uhr in Burg [\/vc_column_text][\/vc_column_inner][\/vc_row_inner][\/vc_column][\/vc_row][vc_row][vc_column width=&#8220;1\/1&#8243;][vc_row_inner][vc_column_inner css=&#8220;.vc_custom_1590692103229{padding: 1px !important;}&#8220;][vc_column_text] 1. Start: 08.30 Uhr in L\u00fcbbenau 2. Start: 08.45 Uhr in L\u00fcbbenau 3. Start: 09.00 Uhr in L\u00fcbbenau 4. Start: 09.15 Uhr in L\u00fcbbenau 5. Start: 09.30 Uhr in L\u00fcbbenau [\/vc_column_text][\/vc_column_inner][\/vc_row_inner][\/vc_column][\/vc_row][vc_row][vc_column width=&#8220;1\/1&#8243;][vc_row_inner][vc_column_inner css=&#8220;.vc_custom_1590692103229{padding: 1px !important;}&#8220;][vc_column_text] 1. Start: 09.45 Uhr in L\u00fcbbenau 2. Start: 10.00 Uhr in L\u00fcbbenau [\/vc_column_text][\/vc_column_inner][\/vc_row_inner][\/vc_column][\/vc_row][vc_row][vc_column width=&#8220;1\/1&#8243;][vc_row_inner][vc_column_inner css=&#8220;.vc_custom_1590692103229{padding: 1px !important;}&#8220;][vc_column_text] 1. Start: 09.00 Uhr in Burg [\/vc_column_text][\/vc_column_inner][\/vc_row_inner][\/vc_column][\/vc_row][vc_row][vc_column width=&#8220;1\/1&#8243;][vc_row_inner][vc_column_inner css=&#8220;.vc_custom_1590692103229{padding: 1px !important;}&#8220;][vc_column_text] Start: 10.30 Uhr in Burg [\/vc_column_text][\/vc_column_inner][\/vc_row_inner][\/vc_column][\/vc_row][vc_row][vc_column width=&#8220;1\/1&#8243;][vc_row_inner][vc_column_inner css=&#8220;.vc_custom_1590692103229{padding: 1px !important;}&#8220;][vc_column_text] Start: 10.00 Uhr in Burg [\/vc_column_text][\/vc_column_inner][\/vc_row_inner][\/vc_column][\/vc_row][vc_row][vc_column width=&#8220;1\/1&#8243;][vc_row_inner][vc_column_inner css=&#8220;.vc_custom_1590692103229{padding: 1px !important;}&#8220;][vc_column_text] Start: 11.00 Uhr in L\u00fcbbenau am Spreeweltenbad [\/vc_column_text][\/vc_column_inner][\/vc_row_inner][\/vc_column][\/vc_row][vc_row][vc_column width=&#8220;1\/1&#8243;][vc_column_text] Hinweis Datenformate .gpx: Geeignet f\u00fcr alle erh\u00e4ltlichen Garmin Navigationsger\u00e4te. Die daf\u00fcr notwendige kartographische Software erhalten [&hellip;]","og_url":"https:\/\/spreewaldmarathon.de\/wpswm\/radstreckenkarten-kml-gpx\/","og_site_name":"SPREEWALDMARATHON","article_publisher":"https:\/\/www.facebook.com\/SpreewaldMarathon","article_modified_time":"2026-04-14T17:25:24+00:00","twitter_card":"summary_large_image","twitter_site":"@spreewaldmarath","twitter_misc":{"Gesch\u00e4tzte Lesezeit":"6\u00a0Minuten"},"schema":{"@context":"https:\/\/schema.org","@graph":[{"@type":"WebPage","@id":"https:\/\/spreewaldmarathon.de\/wpswm\/radstreckenkarten-kml-gpx\/","url":"https:\/\/spreewaldmarathon.de\/wpswm\/radstreckenkarten-kml-gpx\/","name":"Radstreckenkarten | kml und gpx-Daten - SPREEWALDMARATHON","isPartOf":{"@id":"https:\/\/spreewaldmarathon.de\/wpswm\/#website"},"datePublished":"2020-11-13T19:28:32+00:00","dateModified":"2026-04-14T17:25:24+00:00","breadcrumb":{"@id":"https:\/\/spreewaldmarathon.de\/wpswm\/radstreckenkarten-kml-gpx\/#breadcrumb"},"inLanguage":"de","potentialAction":[{"@type":"ReadAction","target":["https:\/\/spreewaldmarathon.de\/wpswm\/radstreckenkarten-kml-gpx\/"]}]},{"@type":"BreadcrumbList","@id":"https:\/\/spreewaldmarathon.de\/wpswm\/radstreckenkarten-kml-gpx\/#breadcrumb","itemListElement":[{"@type":"ListItem","position":1,"name":"Home","item":"https:\/\/spreewaldmarathon.de\/wpswm\/"},{"@type":"ListItem","position":2,"name":"Radstreckenkarten | kml und gpx-Daten"}]},{"@type":"WebSite","@id":"https:\/\/spreewaldmarathon.de\/wpswm\/#website","url":"https:\/\/spreewaldmarathon.de\/wpswm\/","name":"SPREEWALDMARATHON","description":"Alles rund um den Spreewaldmarathon","publisher":{"@id":"https:\/\/spreewaldmarathon.de\/wpswm\/#organization"},"potentialAction":[{"@type":"SearchAction","target":{"@type":"EntryPoint","urlTemplate":"https:\/\/spreewaldmarathon.de\/wpswm\/?s={search_term_string}"},"query-input":{"@type":"PropertyValueSpecification","valueRequired":true,"valueName":"search_term_string"}}],"inLanguage":"de"},{"@type":"Organization","@id":"https:\/\/spreewaldmarathon.de\/wpswm\/#organization","name":"Lausitzer Sportevents e.V.","url":"https:\/\/spreewaldmarathon.de\/wpswm\/","logo":{"@type":"ImageObject","inLanguage":"de","@id":"https:\/\/spreewaldmarathon.de\/wpswm\/#\/schema\/logo\/image\/","url":"https:\/\/spreewaldmarathon.de\/wpswm\/wp-content\/uploads\/2020\/06\/Banner_LSE-1.jpg","contentUrl":"https:\/\/spreewaldmarathon.de\/wpswm\/wp-content\/uploads\/2020\/06\/Banner_LSE-1.jpg","width":2211,"height":624,"caption":"Lausitzer Sportevents e.V."},"image":{"@id":"https:\/\/spreewaldmarathon.de\/wpswm\/#\/schema\/logo\/image\/"},"sameAs":["https:\/\/www.facebook.com\/SpreewaldMarathon","https:\/\/x.com\/spreewaldmarath","https:\/\/www.instagram.com\/spreewaldmarathon","https:\/\/www.youtube.com\/results?search_query=spreewaldmarathon","https:\/\/de.wikipedia.org\/wiki\/Spreewald-Marathon"]}]}},"_links":{"self":[{"href":"https:\/\/spreewaldmarathon.de\/wpswm\/wp-json\/wp\/v2\/pages\/21504"}],"collection":[{"href":"https:\/\/spreewaldmarathon.de\/wpswm\/wp-json\/wp\/v2\/pages"}],"about":[{"href":"https:\/\/spreewaldmarathon.de\/wpswm\/wp-json\/wp\/v2\/types\/page"}],"author":[{"embeddable":true,"href":"https:\/\/spreewaldmarathon.de\/wpswm\/wp-json\/wp\/v2\/users\/1"}],"replies":[{"embeddable":true,"href":"https:\/\/spreewaldmarathon.de\/wpswm\/wp-json\/wp\/v2\/comments?post=21504"}],"version-history":[{"count":197,"href":"https:\/\/spreewaldmarathon.de\/wpswm\/wp-json\/wp\/v2\/pages\/21504\/revisions"}],"predecessor-version":[{"id":28966,"href":"https:\/\/spreewaldmarathon.de\/wpswm\/wp-json\/wp\/v2\/pages\/21504\/revisions\/28966"}],"wp:attachment":[{"href":"https:\/\/spreewaldmarathon.de\/wpswm\/wp-json\/wp\/v2\/media?parent=21504"}],"curies":[{"name":"wp","href":"https:\/\/api.w.org\/{rel}","templated":true}]}}