{"id":17524,"date":"2020-05-26T10:09:20","date_gmt":"2020-05-26T10:09:20","guid":{"rendered":"https:\/\/test.elbe-schrammstein-lauf.de\/?page_id=17524"},"modified":"2026-02-19T15:56:43","modified_gmt":"2026-02-19T14:56:43","slug":"unterkuenfte","status":"publish","type":"page","link":"https:\/\/spreewaldmarathon.de\/wpswm\/unterkuenfte\/","title":{"rendered":"Unterk\u00fcnfte"},"content":{"rendered":"<div class=\"wpb-content-wrapper\"><p>[vc_row][vc_column width=&#8220;1\/1&#8243;][vc_column_text]<\/p>\n<h2><span style=\"color: #0000ff;\">UNTERK\u00dcNFTE im SPREEWALD<\/span><\/h2>\n<p>[\/vc_column_text][vc_column_text]<\/p>\n<h5>Hinweis zur Zimmerbuchung<\/h5>\n<div class=\"box1\">\n<p>Viele Zimmer und Quartiere werden von den Sportlern zumeist noch am Veranstaltungswochenende, vor Ort, wieder f\u00fcr das kommende Jahr gebucht. Deshalb ist es nicht immer m\u00f6glich ein Bett direkt an der Startline zu bekommen. In nicht allzu weiter Entfernung von Burg, L\u00fcbben oder L\u00fcbbenau gibt es ganz sicher f\u00fcr jeden Sportler immer noch ein freies Quartier. Bitte weicht dann auf diese \u00dcbernachtungsm\u00f6glichkeiten aus. Fragt bei den \u00f6rtlichen Touristmusinformationen nach freien Betten. Das sind unsere kompetenten Partner und diese helfen Euch gern.<\/p>\n<\/div>\n<p>[\/vc_column_text][\/vc_column][\/vc_row][vc_row][vc_column width=&#8220;1\/2&#8243;][vc_column_text]<\/p>\n<h3 style=\"text-align: left;\"><span style=\"color: #0000ff;\">Entfernungen<\/span><\/h3>\n<p>[\/vc_column_text][vc_column_text]<\/p>\n<div class=\"box1\">\n<p style=\"padding-left: 40px;\"><strong>Werben\u00a0 \u00a0 <\/strong>(5 km bis Burg)<strong><br \/>\nVetschau\u00a0<\/strong> (9 km bis Burg, 13 km bis L\u00fcbbenau)<br \/>\n<strong>Straupitz\u00a0 <\/strong>(12 km bis Burg)<br \/>\n<strong>Cottbus<\/strong>\u00a0 \u00a0 (15 km bis Burg),<br \/>\n<strong>Calau<\/strong>\u00a0 \u00a0 \u00a0 \u00a0 \u00a0(15 km bis L\u00fcbbenau und 19 km bis Burg)<br \/>\n<strong>Peitz<\/strong>\u00a0 \u00a0 \u00a0 \u00a0 \u00a0 (24 km bis Burg)<br \/>\n<strong>Luckau\u00a0 \u00a0\u00a0<\/strong> (19 km bis L\u00fcbben).<\/p>\n<\/div>\n<p>[\/vc_column_text][\/vc_column][vc_column width=&#8220;1\/2&#8243;][vc_column_text]<\/p>\n<h3 style=\"text-align: left;\"><strong><span style=\"color: #0000ff;\">Noch Stellpl\u00e4tze f\u00fcr Caravans &amp; Wohnmobile frei !<\/span><\/strong><\/h3>\n<p>[\/vc_column_text][vc_column_text]<strong>Kneipp-und ErlebnisCamping an den Spreewaldflie\u00dfen<\/strong><\/p>\n<p>Inhaber: Bernd Ragotzky<br \/>\nVetschauer Str. 1a<br \/>\n03096 Burg-Spreewald<br \/>\nTelefon: 035603\/750966<br \/>\nE-Mail: info@caravan-kurcamping.de[\/vc_column_text][vc_column_text]<\/p>\n<h3 style=\"text-align: center;\"><strong><span style=\"color: #0000ff;\">Noch Zimmer frei !<\/span><\/strong><\/h3>\n<p>[\/vc_column_text]<div class=\"single_image wpb_content_element align-center  image_box_border image_zoom \" data-animation=\"none\" data-delay=\"0\"><a href=\"https:\/\/spreewaldmarathon.de\/wpswm\/wp-content\/uploads\/Hotel-zum-Stern-Werben.jpg\" target=\"_blank\"><img loading=\"lazy\" decoding=\"async\" width=\"300\" height=\"186\" src=\"https:\/\/spreewaldmarathon.de\/wpswm\/wp-content\/uploads\/Hotel-zum-Stern-Werben-300x186.jpg\" class=\"attachment-medium\" alt=\"\" title=\"Hotel-zum-Stern-Werben\" srcset=\"https:\/\/spreewaldmarathon.de\/wpswm\/wp-content\/uploads\/Hotel-zum-Stern-Werben-300x186.jpg 300w, https:\/\/spreewaldmarathon.de\/wpswm\/wp-content\/uploads\/Hotel-zum-Stern-Werben.jpg 647w\" sizes=\"(max-width: 300px) 100vw, 300px\" \/><\/a><\/div>[\/vc_column][\/vc_row][vc_row][vc_column width=&#8220;1\/1&#8243;][vc_column_text]<\/p>\n<h3 style=\"text-align: left;\"><span style=\"color: #0000ff;\">HIER eine Auswahl an Reservierungsm\u00f6glichkeiten.<\/span><\/h3>\n<p>[\/vc_column_text][\/vc_column][\/vc_row][vc_row][vc_column width=&#8220;1\/3&#8243;][vc_column_text]<\/p>\n<h3><span style=\"color: #0000ff;\">Burg (Spreewald)<\/span><\/h3>\n<p>[\/vc_column_text][vc_column_text]<strong>Touristinformation Burg im Spreewald<br \/>\n<\/strong>Am Hafen 6<br \/>\n03096 Burg (Spreewald)<\/p>\n<p>Tel.: 035603 75016-0<\/p>\n<p>Mail: <a href=\"info@BurgimSpreewald.de\" target=\"_blank\" rel=\"noopener noreferrer\">info@BurgimSpreewald.de<\/a><br \/>\nInternet: <a href=\"http:\/\/www.burgimspreewald.de\/\" target=\"_blank\" rel=\"noopener noreferrer\">www.burgimspreewald.de<\/a>[\/vc_column_text][\/vc_column][vc_column width=&#8220;1\/3&#8243;][vc_column_text]<\/p>\n<h3><span style=\"color: #0000ff;\">Burg (Spreewald)<\/span><\/h3>\n<p>[\/vc_column_text][vc_column_text]<strong>Landhotel Burg<br \/>\n<\/strong>Ringchaussee 195<br \/>\n03096 Burg(Spreewald)<\/p>\n<p>Tel.: 035603-646<br \/>\nMail: <a href=\"mailto:landhotel@landhotel-burg.de\" target=\"_blank\" rel=\"noopener noreferrer\">landhotel@landhotel-burg.de<\/a><br \/>\nInternet: <a href=\"http:\/\/www.landhotel-burg.de\" target=\"_blank\" rel=\"noopener noreferrer\">www.landhotel-burg.de<\/a>[\/vc_column_text][\/vc_column][vc_column width=&#8220;1\/3&#8243;][vc_column_text]<\/p>\n<h3><span style=\"color: #0000ff;\">Burg (Spreewald)<\/span><\/h3>\n<p>[\/vc_column_text][vc_column_text]<strong>Landgasthof &#8222;Zur Wildbahn&#8220;<br \/>\n<\/strong>Wildbahnweg 20<br \/>\n03096 Burg (Spreewald)<br \/>\nInhaberin: Gudrun Dossow<\/p>\n<p>Tel.: 035603-293<br \/>\nMail: <a href=\"mailto:post@zurwildbahn.de\">post@zurwildbahn.de<\/a><br \/>\nInternet: <a href=\"https:\/\/zurwildbahn.de\" target=\"_blank\" rel=\"noopener noreferrer\">https:\/\/zurwildbahn.de<\/a>[\/vc_column_text][\/vc_column][\/vc_row][vc_row][vc_column width=&#8220;1\/3&#8243;][vc_column_text]<\/p>\n<h3><span style=\"color: #0000ff;\">L\u00fcbbenau<\/span><\/h3>\n<p>[\/vc_column_text][vc_column_text]<strong>Spreewald-Touristinformation L\u00fcbbenau<br \/>\n<\/strong>Ehm-Welk-Stra\u00dfe 15<br \/>\n03222 L\u00fcbbenau \/ Spreewald<\/p>\n<p>Tel.: 03542 &#8211; 88 70 40<br \/>\nMail: <a href=\"mailto:info-luebbenau@spreewald-online.de\" target=\"_blank\" rel=\"noopener noreferrer\">info-luebbenau@spreewald-online.de<\/a><br \/>\nInternet: <a href=\"http:\/\/www.spreewald-online.de\" target=\"_blank\" rel=\"noopener noreferrer\">https:\/\/spreewald-online.de<\/a>[\/vc_column_text][\/vc_column][vc_column width=&#8220;1\/3&#8243;][vc_column_text]<\/p>\n<h3><span style=\"color: #0000ff;\">L\u00fcbbenau<\/span><\/h3>\n<p>[\/vc_column_text][vc_column_text]<strong>LEAG Konferenzcenter <\/strong>(62 Zimmer)<br \/>\nStra\u00dfe des Friedens 26<br \/>\n03222 L\u00fcbbenau\/Spreewald<\/p>\n<p>Tel.: 03542-8740<br \/>\nMail: <a href=\"mailto:kontakt@konferenzcenter-spreewald.de\" target=\"_blank\" rel=\"noopener noreferrer\">kontakt@konferenzcenter-spreewald.de<\/a><br \/>\nInternet: <a href=\"https:\/\/www.konferenzcenter-spreewald.de\" target=\"_blank\" rel=\"noopener noreferrer\">https:\/\/konferenzcenter-spreewald.de<\/a>[\/vc_column_text][\/vc_column][vc_column width=&#8220;1\/3&#8243;][vc_column_text]<\/p>\n<h3><span style=\"color: #0000ff;\">L\u00fcbbenau<\/span><\/h3>\n<p>[\/vc_column_text][vc_column_text]<strong>Spreewelten Hotel<br \/>\n<\/strong>&#8222;urig, modern, schlafen bei den Pinguinen&#8220;<br \/>\nDoppelzimmer, Ferienwohnungen, Apartment, Suite<br \/>\nAlte Huttung 13<br \/>\n03222 L\u00fcbbenau\/Spreewald<\/p>\n<p>Tel.: 03542-89416 700<br \/>\nMail: <a href=\"mailto:hotel@spreewelten.de\" target=\"_blank\" rel=\"noopener noreferrer\">hotel@spreewelten.de<\/a><br \/>\nInternet: <a href=\"https:\/\/www.spreewelten.de\" target=\"_blank\" rel=\"noopener noreferrer\">https:\/\/spreewelten.de<\/a>[\/vc_column_text][\/vc_column][\/vc_row][vc_row][vc_column width=&#8220;1\/3&#8243;][vc_column_text]<\/p>\n<h3><span style=\"color: #0000ff;\">Zwischen L\u00fcbben und Alt Zauche gelegen<\/span><\/h3>\n<p>[\/vc_column_text][vc_column_text]<strong>Gasthaus Bukoitza<br \/>\n<\/strong>Dirk Minkwitz<br \/>\nAn der Bukoitza 11<br \/>\n15907 L\u00fcbben \/ Spreewald<\/p>\n<p>Tel.: 03546 &#8211; 22 93 22<br \/>\nMail: <a href=\"mailto:gh@bukoitza.de\" target=\"_blank\" rel=\"noopener\">gh@bukoitza.de<\/a><br \/>\nInternet: <a href=\"http:\/\/bukoitza.de\" target=\"_blank\" rel=\"noopener noreferrer\">https:\/\/bukoitza.de<\/a>[\/vc_column_text][\/vc_column][vc_column width=&#8220;1\/3&#8243;][vc_column_text][\/vc_column_text][vc_column_text][\/vc_column_text][\/vc_column][vc_column width=&#8220;1\/3&#8243;][vc_column_text][\/vc_column_text][vc_column_text][\/vc_column_text][\/vc_column][\/vc_row][vc_row][vc_column width=&#8220;1\/3&#8243;][\/vc_column][vc_column width=&#8220;1\/3&#8243;][vc_column_text]<\/p>\n<h3><span style=\"color: #0000ff;\">L\u00fcbben<\/span><\/h3>\n<p>[\/vc_column_text][vc_column_text]<strong>G\u00e4stehaus an der Spree in L\u00fcbben<br \/>\n<\/strong>Nicole Schulze<br \/>\nSpreestra\u00dfe 14 a<br \/>\n15907 L\u00fcbben<\/p>\n<p>Tel.: 03546-187245<br \/>\nMail: <a href=\"mailto:fewo@spreestrasse.de\" target=\"_blank\" rel=\"noopener noreferrer\">fewo@spreestrasse.de<\/a><br \/>\nInternet: <a href=\"http:\/\/www.spreestrasse.de\" target=\"_blank\" rel=\"noopener noreferrer\">www.spreestrasse.de<\/a><\/p>\n<p>1 Ferienwohnung 40 qm 2 Personen + Aufbettung<br \/>\n1 Ferienwohnung 85 qm 4 Personen + Aufbettung[\/vc_column_text][\/vc_column][vc_column width=&#8220;1\/3&#8243;][vc_column_text]<\/p>\n<h3><span style=\"color: #0000ff;\">Schlepzig<\/span><\/h3>\n<p>[\/vc_column_text][vc_column_text]<strong>Tourist-Information Unterspreewald<br \/>\n<\/strong>Dorfstra\u00dfe 26<br \/>\n15910 Schlepzig<\/p>\n<p>Telefon: 035472 &#8211; 64025<br \/>\nMail:\u00a0<a href=\"mailto:\" target=\"_blank\" rel=\"noopener noreferrer\">tourismus@t-online.de<\/a><br \/>\nInternet:\u00a0<a href=\"http:\/\/www.schlepzig.de\/\" target=\"_blank\" rel=\"noopener noreferrer\">www.schlepzig.de<\/a>[\/vc_column_text][\/vc_column][\/vc_row][vc_row][vc_column width=&#8220;1\/3&#8243;][vc_column_text]<\/p>\n<h3><span style=\"color: #0000ff;\">Gro\u00df Leuthen<\/span><\/h3>\n<p>[\/vc_column_text][vc_column_text]<strong>Tourist-Information M\u00e4rkische Heide<br \/>\n<\/strong>Schlossstra\u00dfe 13 a<br \/>\n15913 M\u00e4rkische Heide \/ OT Gro\u00df Leuthen<\/p>\n<p>Telefon: 035471 &#8211; 85113<br \/>\nMail:\u00a0<a href=\"mailto:tourismus@maerkische-heide.de\" target=\"_blank\" rel=\"noopener noreferrer\">tourismus@maerkische-heide.de<\/a><br \/>\nInternet:\u00a0<a href=\"https:\/\/www.maerkische-heide.de\" target=\"_blank\" rel=\"noopener noreferrer\">www.maerkische-heide.de<\/a>[\/vc_column_text][\/vc_column][vc_column width=&#8220;1\/3&#8243;][vc_column_text]<\/p>\n<h3><span style=\"color: #0000ff;\">Straupitz<\/span><\/h3>\n<p>[\/vc_column_text][vc_column_text]<strong>Touristikinformation Straupitz<br \/>\n<\/strong>Kirchstra\u00dfe 1<br \/>\n15913 Straupitz\/Spreewald<\/p>\n<p>Tel.: 035475-80977<br \/>\nMail: <a href=\"mailto:info@teg-lds.de\" target=\"_blank\" rel=\"noopener noreferrer\">info@teg-lds.de<\/a><br \/>\nInternet: <a href=\"http:\/\/www.teg-lds.de\" target=\"_blank\" rel=\"noopener noreferrer\">www.teg-lds.de<\/a>[\/vc_column_text][\/vc_column][vc_column width=&#8220;1\/3&#8243;][vc_column_text]<\/p>\n<h3><span style=\"color: #0000ff;\">Goyatz<\/span><\/h3>\n<p>[\/vc_column_text][vc_column_text]Ferienwohnungen und Ferienh\u00e4usern auf unseren Campingpl\u00e4tzen im Spreewald und am Schwielochsee. Bei Buchungen ab 2 \u00dcbernachtungen erhalten sie 1 \u00dcbernachtung gratis!<\/p>\n<p>TEG Lieberose\/Oberspreewald mbH<br \/>\nAm Bahnhof 27 OT Goyatz<br \/>\n15913 Schwielochsee<\/p>\n<p>Tel. 035478\/179090<br \/>\nMail: <a href=\"mailto:info@teg-lds.de\" target=\"_blank\" rel=\"noopener noreferrer\">info@teg-lds.de<\/a><br \/>\nInternet: <a href=\"http:\/\/www.teg-lds.de\" target=\"_blank\" rel=\"noopener noreferrer\">www.teg-lds.de<\/a>[\/vc_column_text][\/vc_column][\/vc_row][vc_row][vc_column width=&#8220;1\/3&#8243;][vc_column_text]<\/p>\n<h3><span style=\"color: #0000ff;\">Vetschau<\/span><\/h3>\n<p>[\/vc_column_text][vc_column_text]<strong>Tourist-Information Vetschau<br \/>\n<\/strong>in der Schlossremise<br \/>\nSchlossstra\u00dfe 10<br \/>\n03226 Vetschau \/ Spreewald<\/p>\n<p>Telefon: 035433 &#8211; 77755<br \/>\nMail: <a href=\"mailto:tourismus@vetschau.de\" target=\"_blank\" rel=\"noopener noreferrer\">tourismus@vetschau.de<\/a><br \/>\nInternet:\u00a0<a href=\"http:\/\/www.vetschau.de\/\" target=\"_blank\" rel=\"noopener noreferrer\">www.vetschau.de<\/a>[\/vc_column_text][\/vc_column][vc_column width=&#8220;1\/3&#8243;][vc_column_text]<\/p>\n<h3><span style=\"color: #0000ff;\">Vetschau Ortsteil Raddusch<\/span><\/h3>\n<p>[\/vc_column_text][vc_column_text]<strong>Radduscher Hafen Hotel &amp; Restaurant<br \/>\n<\/strong>Raddusch, Dorfstra\u00dfe 10<br \/>\n03226 Vetschau\/Spreewald OT Raddusch<\/p>\n<p>Telefon: 035433 &#8211; 59330<br \/>\nMail: hafen@spreewaldhotel-raddusch.de<br \/>\nInternet: <a href=\"https:\/\/www.spreewald.de\/\" target=\"_blank\" rel=\"noopener noreferrer\">www.spreewaldhotel-raddusch.de<\/a>[\/vc_column_text][\/vc_column][vc_column width=&#8220;1\/3&#8243;][\/vc_column][\/vc_row][vc_row][vc_column width=&#8220;1\/3&#8243;][vc_column_text]<\/p>\n<h3><span style=\"color: #0000ff;\">Calau<\/span><\/h3>\n<p>[\/vc_column_text][vc_column_text]<strong>Tourist-Information Calau<br \/>\n<\/strong>Cottbuser Stra\u00dfe 32<br \/>\n03205 Calau<\/p>\n<p>Telefon: 03541 &#8211; 89 580<br \/>\nMail: <a href=\"mailto:info@wbc-calau.de\" target=\"_blank\" rel=\"noopener noreferrer\">info@wbc-calau.de<\/a><br \/>\nInternet:\u00a0<a href=\"http:\/\/www.calauer.de\/\" target=\"_blank\" rel=\"noopener noreferrer\">www.calauer.de<\/a>[\/vc_column_text][\/vc_column][vc_column width=&#8220;1\/3&#8243;][vc_column_text]<\/p>\n<h3><span style=\"color: #0000ff;\">Calau<\/span><\/h3>\n<p>[\/vc_column_text][vc_column_text]<strong>Hotel zur Post<br \/>\n<\/strong>Cottbuser Stra\u00dfe 30<br \/>\n03205 Calau<\/p>\n<p>Tel.: 03541 2365<br \/>\nMail: <a href=\"mailto:hotel@zur-post-calau.de\" target=\"_blank\" rel=\"noopener noreferrer\">hotel@zur-post-calau.de<\/a><br \/>\nInternet: <a href=\"http:\/\/www.zur-post-calau.de\" target=\"_blank\" rel=\"noopener noreferrer\">www.zur-post-calau.de<\/a>[\/vc_column_text][\/vc_column][vc_column width=&#8220;1\/3&#8243;][vc_column_text]<\/p>\n<h3><span style=\"color: #0000ff;\">Luckau<\/span><\/h3>\n<p>[\/vc_column_text][vc_column_text]<strong>Tourist-Information Luckau<br \/>\n<\/strong>Nonnengasse 1 \/ Kulturkirche<br \/>\n15926 Luckau<\/p>\n<p>Telefon: 03544 &#8211; 30 50 und 50 82 75<br \/>\nMail: <a href=\"mailto:mail@niederlausitz.com\" target=\"_blank\" rel=\"noopener noreferrer\">mail@niederlausitz.com<\/a><br \/>\nInternet: <a href=\"http:\/\/www.niederlausitz.com\" target=\"_blank\" rel=\"noopener noreferrer\">www.niederlausitz.com<\/a>[\/vc_column_text][\/vc_column][\/vc_row][vc_row][vc_column width=&#8220;1\/3&#8243;][vc_column_text]<\/p>\n<h3><span style=\"color: #0000ff;\">Cottbus<\/span><\/h3>\n<p>[\/vc_column_text][vc_column_text]<strong>Cottbus Service<br \/>\n<\/strong>Hotels, Pensionen, Ferienwohnungen und Privatzimmern in und um Cottbus<\/p>\n<p>Berliner Platz 6\/ Stadthalle<br \/>\n03046 Cottbus<\/p>\n<p>Telefon: 0355\/7542-495<br \/>\nMail: <a href=\"mailto:cottbus-service@cmt-cottbus.de\" target=\"_blank\" rel=\"noopener noreferrer\">cottbus-service@cmt-cottbus.de<\/a><br \/>\nInternet: <a href=\"http:\/\/www.cmt-cottbus.de\/\" target=\"_blank\" rel=\"noopener noreferrer\">www.cmt-cottbus.de<\/a>[\/vc_column_text][\/vc_column][vc_column width=&#8220;1\/3&#8243;][vc_column_text]<\/p>\n<h3><span style=\"color: #0000ff;\">Peitz<\/span><\/h3>\n<p>[\/vc_column_text][vc_column_text]<strong>Kultur- und Tourismusamt Peitz<br \/>\n<\/strong>Hotels, Pensionen, Ferienwohnungen und Privatzimmern in und um Peitz<\/p>\n<p>Markt 1<br \/>\n03185 Peitz<\/p>\n<p>Telefon: 035601 8150<br \/>\nMail: <a href=\"mailto:tourismus@peitz.der\" target=\"_blank\" rel=\"noopener noreferrer\">tourismus@peitz.de<\/a><br \/>\nInternet: <a href=\"http:\/\/www.tourismus-spreewald.peitz.de\/\" target=\"_blank\" rel=\"noopener noreferrer\">www.tourismus-spreewald.peitz.de<\/a>[\/vc_column_text][\/vc_column][vc_column width=&#8220;1\/3&#8243;][vc_column_text]<\/p>\n<h3><span style=\"color: #0000ff;\">Peitz<\/span><\/h3>\n<p>[\/vc_column_text][vc_column_text]<strong>Ostsee Radlerpension Peitz<br \/>\n<\/strong>Am H\u00fcttenwerk 1A<br \/>\n03185 Peitz<\/p>\n<p>Telefon: 0355 87 90 100<br \/>\nMail: <a href=\"mailto:info@ostsee-radlerpension-peitz.de\" target=\"_blank\" rel=\"noopener noreferrer\">info@ostsee-radlerpension-peitz.de<\/a><br \/>\nInternet: <a href=\"http:\/\/www.ostsee-radlerpension-peitz.de\" target=\"_blank\" rel=\"noopener noreferrer\">www.ostsee-radlerpension-peitz.de<\/a>[\/vc_column_text][\/vc_column][\/vc_row][vc_row][vc_column width=&#8220;1\/3&#8243;][vc_column_text]<\/p>\n<h3><span style=\"color: #0000ff;\">Werben<\/span><\/h3>\n<p>[\/vc_column_text]<div class=\"single_image wpb_content_element align-center    \" data-animation=\"none\" data-delay=\"0\"><a href=\"https:\/\/spreewaldmarathon.de\/wpswm\/wp-content\/uploads\/Hotel-zum-Stern-Werben.jpg\" target=\"_blank\"><img loading=\"lazy\" decoding=\"async\" width=\"300\" height=\"186\" src=\"https:\/\/spreewaldmarathon.de\/wpswm\/wp-content\/uploads\/Hotel-zum-Stern-Werben-300x186.jpg\" class=\"attachment-medium\" alt=\"\" title=\"Hotel-zum-Stern-Werben\" srcset=\"https:\/\/spreewaldmarathon.de\/wpswm\/wp-content\/uploads\/Hotel-zum-Stern-Werben-300x186.jpg 300w, https:\/\/spreewaldmarathon.de\/wpswm\/wp-content\/uploads\/Hotel-zum-Stern-Werben.jpg 647w\" sizes=\"(max-width: 300px) 100vw, 300px\" \/><\/a><\/div>[\/vc_column][vc_column width=&#8220;1\/3&#8243;][\/vc_column][vc_column width=&#8220;1\/3&#8243;][\/vc_column][\/vc_row]<\/p>\n<\/div>","protected":false},"excerpt":{"rendered":"<p>[vc_row][vc_column width=&#8220;1\/1&#8243;][vc_column_text] UNTERK\u00dcNFTE im SPREEWALD [\/vc_column_text][vc_column_text] Hinweis zur Zimmerbuchung Viele Zimmer und Quartiere werden von den Sportlern zumeist noch am Veranstaltungswochenende, vor Ort, wieder f\u00fcr das kommende Jahr gebucht. Deshalb ist es nicht immer m\u00f6glich ein Bett direkt an der Startline zu bekommen. In nicht allzu weiter Entfernung von Burg, L\u00fcbben oder L\u00fcbbenau gibt es ganz sicher f\u00fcr jeden Sportler immer noch ein freies Quartier. Bitte weicht dann auf diese \u00dcbernachtungsm\u00f6glichkeiten aus. Fragt bei den \u00f6rtlichen Touristmusinformationen nach freien Betten. Das sind unsere kompetenten Partner und diese helfen Euch gern. [\/vc_column_text][\/vc_column][\/vc_row][vc_row][vc_column width=&#8220;1\/2&#8243;][vc_column_text] Entfernungen [\/vc_column_text][vc_column_text] Werben\u00a0 \u00a0 (5 km bis Burg) Vetschau\u00a0 (9 km bis Burg, 13 km bis L\u00fcbbenau) Straupitz\u00a0 (12 km bis Burg) Cottbus\u00a0 \u00a0 (15 km bis Burg), Calau\u00a0 \u00a0 \u00a0 \u00a0 \u00a0(15 km bis L\u00fcbbenau und 19 km bis Burg) Peitz\u00a0 \u00a0 \u00a0 \u00a0 \u00a0 (24 km bis Burg) Luckau\u00a0 \u00a0\u00a0 (19 km bis L\u00fcbben). [\/vc_column_text][\/vc_column][vc_column width=&#8220;1\/2&#8243;][vc_column_text] Noch Stellpl\u00e4tze f\u00fcr Caravans &amp; Wohnmobile frei ! [\/vc_column_text][vc_column_text]Kneipp-und ErlebnisCamping an den Spreewaldflie\u00dfen Inhaber: Bernd Ragotzky Vetschauer Str. 1a 03096 Burg-Spreewald Telefon: 035603\/750966 E-Mail: info@caravan-kurcamping.de[\/vc_column_text][vc_column_text] Noch Zimmer frei ! [\/vc_column_text][\/vc_column][\/vc_row][vc_row][vc_column width=&#8220;1\/1&#8243;][vc_column_text] HIER eine Auswahl an Reservierungsm\u00f6glichkeiten. [\/vc_column_text][\/vc_column][\/vc_row][vc_row][vc_column width=&#8220;1\/3&#8243;][vc_column_text] Burg (Spreewald) [\/vc_column_text][vc_column_text]Touristinformation Burg im Spreewald Am Hafen 6 03096 Burg (Spreewald) [&hellip;]<\/p>\n","protected":false},"author":1,"featured_media":0,"parent":0,"menu_order":0,"comment_status":"closed","ping_status":"closed","template":"","meta":{"footnotes":""},"class_list":["post-17524","page","type-page","status-publish","hentry"],"yoast_head":"<!-- This site is optimized with the Yoast SEO plugin v25.6 - https:\/\/yoast.com\/wordpress\/plugins\/seo\/ -->\n<title>Unterk\u00fcnfte - SPREEWALDMARATHON<\/title>\n<meta name=\"robots\" content=\"index, follow, max-snippet:-1, max-image-preview:large, max-video-preview:-1\" \/>\n<link rel=\"canonical\" href=\"https:\/\/spreewaldmarathon.de\/wpswm\/unterkuenfte\/\" \/>\n<meta property=\"og:locale\" content=\"de_DE\" \/>\n<meta property=\"og:type\" content=\"article\" \/>\n<meta property=\"og:title\" content=\"Unterk\u00fcnfte - SPREEWALDMARATHON\" \/>\n<meta property=\"og:description\" content=\"[vc_row][vc_column width=&#8220;1\/1&#8243;][vc_column_text] UNTERK\u00dcNFTE im SPREEWALD [\/vc_column_text][vc_column_text] Hinweis zur Zimmerbuchung Viele Zimmer und Quartiere werden von den Sportlern zumeist noch am Veranstaltungswochenende, vor Ort, wieder f\u00fcr das kommende Jahr gebucht. Deshalb ist es nicht immer m\u00f6glich ein Bett direkt an der Startline zu bekommen. In nicht allzu weiter Entfernung von Burg, L\u00fcbben oder L\u00fcbbenau gibt es ganz sicher f\u00fcr jeden Sportler immer noch ein freies Quartier. Bitte weicht dann auf diese \u00dcbernachtungsm\u00f6glichkeiten aus. Fragt bei den \u00f6rtlichen Touristmusinformationen nach freien Betten. Das sind unsere kompetenten Partner und diese helfen Euch gern. [\/vc_column_text][\/vc_column][\/vc_row][vc_row][vc_column width=&#8220;1\/2&#8243;][vc_column_text] Entfernungen [\/vc_column_text][vc_column_text] Werben\u00a0 \u00a0 (5 km bis Burg) Vetschau\u00a0 (9 km bis Burg, 13 km bis L\u00fcbbenau) Straupitz\u00a0 (12 km bis Burg) Cottbus\u00a0 \u00a0 (15 km bis Burg), Calau\u00a0 \u00a0 \u00a0 \u00a0 \u00a0(15 km bis L\u00fcbbenau und 19 km bis Burg) Peitz\u00a0 \u00a0 \u00a0 \u00a0 \u00a0 (24 km bis Burg) Luckau\u00a0 \u00a0\u00a0 (19 km bis L\u00fcbben). [\/vc_column_text][\/vc_column][vc_column width=&#8220;1\/2&#8243;][vc_column_text] Noch Stellpl\u00e4tze f\u00fcr Caravans &amp; Wohnmobile frei ! [\/vc_column_text][vc_column_text]Kneipp-und ErlebnisCamping an den Spreewaldflie\u00dfen Inhaber: Bernd Ragotzky Vetschauer Str. 1a 03096 Burg-Spreewald Telefon: 035603\/750966 E-Mail: info@caravan-kurcamping.de[\/vc_column_text][vc_column_text] Noch Zimmer frei ! [\/vc_column_text][\/vc_column][\/vc_row][vc_row][vc_column width=&#8220;1\/1&#8243;][vc_column_text] HIER eine Auswahl an Reservierungsm\u00f6glichkeiten. [\/vc_column_text][\/vc_column][\/vc_row][vc_row][vc_column width=&#8220;1\/3&#8243;][vc_column_text] Burg (Spreewald) [\/vc_column_text][vc_column_text]Touristinformation Burg im Spreewald Am Hafen 6 03096 Burg (Spreewald) [&hellip;]\" \/>\n<meta property=\"og:url\" content=\"https:\/\/spreewaldmarathon.de\/wpswm\/unterkuenfte\/\" \/>\n<meta property=\"og:site_name\" content=\"SPREEWALDMARATHON\" \/>\n<meta property=\"article:publisher\" content=\"https:\/\/www.facebook.com\/SpreewaldMarathon\" \/>\n<meta property=\"article:modified_time\" content=\"2026-02-19T14:56:43+00:00\" \/>\n<meta name=\"twitter:card\" content=\"summary_large_image\" \/>\n<meta name=\"twitter:site\" content=\"@spreewaldmarath\" \/>\n<meta name=\"twitter:label1\" content=\"Gesch\u00e4tzte Lesezeit\" \/>\n\t<meta name=\"twitter:data1\" content=\"5\u00a0Minuten\" \/>\n<script type=\"application\/ld+json\" class=\"yoast-schema-graph\">{\"@context\":\"https:\/\/schema.org\",\"@graph\":[{\"@type\":\"WebPage\",\"@id\":\"https:\/\/spreewaldmarathon.de\/wpswm\/unterkuenfte\/\",\"url\":\"https:\/\/spreewaldmarathon.de\/wpswm\/unterkuenfte\/\",\"name\":\"Unterk\u00fcnfte - SPREEWALDMARATHON\",\"isPartOf\":{\"@id\":\"https:\/\/spreewaldmarathon.de\/wpswm\/#website\"},\"datePublished\":\"2020-05-26T10:09:20+00:00\",\"dateModified\":\"2026-02-19T14:56:43+00:00\",\"breadcrumb\":{\"@id\":\"https:\/\/spreewaldmarathon.de\/wpswm\/unterkuenfte\/#breadcrumb\"},\"inLanguage\":\"de\",\"potentialAction\":[{\"@type\":\"ReadAction\",\"target\":[\"https:\/\/spreewaldmarathon.de\/wpswm\/unterkuenfte\/\"]}]},{\"@type\":\"BreadcrumbList\",\"@id\":\"https:\/\/spreewaldmarathon.de\/wpswm\/unterkuenfte\/#breadcrumb\",\"itemListElement\":[{\"@type\":\"ListItem\",\"position\":1,\"name\":\"Home\",\"item\":\"https:\/\/spreewaldmarathon.de\/wpswm\/\"},{\"@type\":\"ListItem\",\"position\":2,\"name\":\"Unterk\u00fcnfte\"}]},{\"@type\":\"WebSite\",\"@id\":\"https:\/\/spreewaldmarathon.de\/wpswm\/#website\",\"url\":\"https:\/\/spreewaldmarathon.de\/wpswm\/\",\"name\":\"SPREEWALDMARATHON\",\"description\":\"Alles rund um den Spreewaldmarathon\",\"publisher\":{\"@id\":\"https:\/\/spreewaldmarathon.de\/wpswm\/#organization\"},\"potentialAction\":[{\"@type\":\"SearchAction\",\"target\":{\"@type\":\"EntryPoint\",\"urlTemplate\":\"https:\/\/spreewaldmarathon.de\/wpswm\/?s={search_term_string}\"},\"query-input\":{\"@type\":\"PropertyValueSpecification\",\"valueRequired\":true,\"valueName\":\"search_term_string\"}}],\"inLanguage\":\"de\"},{\"@type\":\"Organization\",\"@id\":\"https:\/\/spreewaldmarathon.de\/wpswm\/#organization\",\"name\":\"Lausitzer Sportevents e.V.\",\"url\":\"https:\/\/spreewaldmarathon.de\/wpswm\/\",\"logo\":{\"@type\":\"ImageObject\",\"inLanguage\":\"de\",\"@id\":\"https:\/\/spreewaldmarathon.de\/wpswm\/#\/schema\/logo\/image\/\",\"url\":\"https:\/\/spreewaldmarathon.de\/wpswm\/wp-content\/uploads\/2020\/06\/Banner_LSE-1.jpg\",\"contentUrl\":\"https:\/\/spreewaldmarathon.de\/wpswm\/wp-content\/uploads\/2020\/06\/Banner_LSE-1.jpg\",\"width\":2211,\"height\":624,\"caption\":\"Lausitzer Sportevents e.V.\"},\"image\":{\"@id\":\"https:\/\/spreewaldmarathon.de\/wpswm\/#\/schema\/logo\/image\/\"},\"sameAs\":[\"https:\/\/www.facebook.com\/SpreewaldMarathon\",\"https:\/\/x.com\/spreewaldmarath\",\"https:\/\/www.instagram.com\/spreewaldmarathon\",\"https:\/\/www.youtube.com\/results?search_query=spreewaldmarathon\",\"https:\/\/de.wikipedia.org\/wiki\/Spreewald-Marathon\"]}]}<\/script>\n<!-- \/ Yoast SEO plugin. -->","yoast_head_json":{"title":"Unterk\u00fcnfte - SPREEWALDMARATHON","robots":{"index":"index","follow":"follow","max-snippet":"max-snippet:-1","max-image-preview":"max-image-preview:large","max-video-preview":"max-video-preview:-1"},"canonical":"https:\/\/spreewaldmarathon.de\/wpswm\/unterkuenfte\/","og_locale":"de_DE","og_type":"article","og_title":"Unterk\u00fcnfte - SPREEWALDMARATHON","og_description":"[vc_row][vc_column width=&#8220;1\/1&#8243;][vc_column_text] UNTERK\u00dcNFTE im SPREEWALD [\/vc_column_text][vc_column_text] Hinweis zur Zimmerbuchung Viele Zimmer und Quartiere werden von den Sportlern zumeist noch am Veranstaltungswochenende, vor Ort, wieder f\u00fcr das kommende Jahr gebucht. Deshalb ist es nicht immer m\u00f6glich ein Bett direkt an der Startline zu bekommen. In nicht allzu weiter Entfernung von Burg, L\u00fcbben oder L\u00fcbbenau gibt es ganz sicher f\u00fcr jeden Sportler immer noch ein freies Quartier. Bitte weicht dann auf diese \u00dcbernachtungsm\u00f6glichkeiten aus. Fragt bei den \u00f6rtlichen Touristmusinformationen nach freien Betten. Das sind unsere kompetenten Partner und diese helfen Euch gern. [\/vc_column_text][\/vc_column][\/vc_row][vc_row][vc_column width=&#8220;1\/2&#8243;][vc_column_text] Entfernungen [\/vc_column_text][vc_column_text] Werben\u00a0 \u00a0 (5 km bis Burg) Vetschau\u00a0 (9 km bis Burg, 13 km bis L\u00fcbbenau) Straupitz\u00a0 (12 km bis Burg) Cottbus\u00a0 \u00a0 (15 km bis Burg), Calau\u00a0 \u00a0 \u00a0 \u00a0 \u00a0(15 km bis L\u00fcbbenau und 19 km bis Burg) Peitz\u00a0 \u00a0 \u00a0 \u00a0 \u00a0 (24 km bis Burg) Luckau\u00a0 \u00a0\u00a0 (19 km bis L\u00fcbben). [\/vc_column_text][\/vc_column][vc_column width=&#8220;1\/2&#8243;][vc_column_text] Noch Stellpl\u00e4tze f\u00fcr Caravans &amp; Wohnmobile frei ! [\/vc_column_text][vc_column_text]Kneipp-und ErlebnisCamping an den Spreewaldflie\u00dfen Inhaber: Bernd Ragotzky Vetschauer Str. 1a 03096 Burg-Spreewald Telefon: 035603\/750966 E-Mail: info@caravan-kurcamping.de[\/vc_column_text][vc_column_text] Noch Zimmer frei ! [\/vc_column_text][\/vc_column][\/vc_row][vc_row][vc_column width=&#8220;1\/1&#8243;][vc_column_text] HIER eine Auswahl an Reservierungsm\u00f6glichkeiten. [\/vc_column_text][\/vc_column][\/vc_row][vc_row][vc_column width=&#8220;1\/3&#8243;][vc_column_text] Burg (Spreewald) [\/vc_column_text][vc_column_text]Touristinformation Burg im Spreewald Am Hafen 6 03096 Burg (Spreewald) [&hellip;]","og_url":"https:\/\/spreewaldmarathon.de\/wpswm\/unterkuenfte\/","og_site_name":"SPREEWALDMARATHON","article_publisher":"https:\/\/www.facebook.com\/SpreewaldMarathon","article_modified_time":"2026-02-19T14:56:43+00:00","twitter_card":"summary_large_image","twitter_site":"@spreewaldmarath","twitter_misc":{"Gesch\u00e4tzte Lesezeit":"5\u00a0Minuten"},"schema":{"@context":"https:\/\/schema.org","@graph":[{"@type":"WebPage","@id":"https:\/\/spreewaldmarathon.de\/wpswm\/unterkuenfte\/","url":"https:\/\/spreewaldmarathon.de\/wpswm\/unterkuenfte\/","name":"Unterk\u00fcnfte - SPREEWALDMARATHON","isPartOf":{"@id":"https:\/\/spreewaldmarathon.de\/wpswm\/#website"},"datePublished":"2020-05-26T10:09:20+00:00","dateModified":"2026-02-19T14:56:43+00:00","breadcrumb":{"@id":"https:\/\/spreewaldmarathon.de\/wpswm\/unterkuenfte\/#breadcrumb"},"inLanguage":"de","potentialAction":[{"@type":"ReadAction","target":["https:\/\/spreewaldmarathon.de\/wpswm\/unterkuenfte\/"]}]},{"@type":"BreadcrumbList","@id":"https:\/\/spreewaldmarathon.de\/wpswm\/unterkuenfte\/#breadcrumb","itemListElement":[{"@type":"ListItem","position":1,"name":"Home","item":"https:\/\/spreewaldmarathon.de\/wpswm\/"},{"@type":"ListItem","position":2,"name":"Unterk\u00fcnfte"}]},{"@type":"WebSite","@id":"https:\/\/spreewaldmarathon.de\/wpswm\/#website","url":"https:\/\/spreewaldmarathon.de\/wpswm\/","name":"SPREEWALDMARATHON","description":"Alles rund um den Spreewaldmarathon","publisher":{"@id":"https:\/\/spreewaldmarathon.de\/wpswm\/#organization"},"potentialAction":[{"@type":"SearchAction","target":{"@type":"EntryPoint","urlTemplate":"https:\/\/spreewaldmarathon.de\/wpswm\/?s={search_term_string}"},"query-input":{"@type":"PropertyValueSpecification","valueRequired":true,"valueName":"search_term_string"}}],"inLanguage":"de"},{"@type":"Organization","@id":"https:\/\/spreewaldmarathon.de\/wpswm\/#organization","name":"Lausitzer Sportevents e.V.","url":"https:\/\/spreewaldmarathon.de\/wpswm\/","logo":{"@type":"ImageObject","inLanguage":"de","@id":"https:\/\/spreewaldmarathon.de\/wpswm\/#\/schema\/logo\/image\/","url":"https:\/\/spreewaldmarathon.de\/wpswm\/wp-content\/uploads\/2020\/06\/Banner_LSE-1.jpg","contentUrl":"https:\/\/spreewaldmarathon.de\/wpswm\/wp-content\/uploads\/2020\/06\/Banner_LSE-1.jpg","width":2211,"height":624,"caption":"Lausitzer Sportevents e.V."},"image":{"@id":"https:\/\/spreewaldmarathon.de\/wpswm\/#\/schema\/logo\/image\/"},"sameAs":["https:\/\/www.facebook.com\/SpreewaldMarathon","https:\/\/x.com\/spreewaldmarath","https:\/\/www.instagram.com\/spreewaldmarathon","https:\/\/www.youtube.com\/results?search_query=spreewaldmarathon","https:\/\/de.wikipedia.org\/wiki\/Spreewald-Marathon"]}]}},"_links":{"self":[{"href":"https:\/\/spreewaldmarathon.de\/wpswm\/wp-json\/wp\/v2\/pages\/17524"}],"collection":[{"href":"https:\/\/spreewaldmarathon.de\/wpswm\/wp-json\/wp\/v2\/pages"}],"about":[{"href":"https:\/\/spreewaldmarathon.de\/wpswm\/wp-json\/wp\/v2\/types\/page"}],"author":[{"embeddable":true,"href":"https:\/\/spreewaldmarathon.de\/wpswm\/wp-json\/wp\/v2\/users\/1"}],"replies":[{"embeddable":true,"href":"https:\/\/spreewaldmarathon.de\/wpswm\/wp-json\/wp\/v2\/comments?post=17524"}],"version-history":[{"count":59,"href":"https:\/\/spreewaldmarathon.de\/wpswm\/wp-json\/wp\/v2\/pages\/17524\/revisions"}],"predecessor-version":[{"id":28688,"href":"https:\/\/spreewaldmarathon.de\/wpswm\/wp-json\/wp\/v2\/pages\/17524\/revisions\/28688"}],"wp:attachment":[{"href":"https:\/\/spreewaldmarathon.de\/wpswm\/wp-json\/wp\/v2\/media?parent=17524"}],"curies":[{"name":"wp","href":"https:\/\/api.w.org\/{rel}","templated":true}]}}